{"id":480,"date":"2023-08-15T19:43:33","date_gmt":"2023-08-15T17:43:33","guid":{"rendered":"https:\/\/sahelinstitute.org\/?page_id=480"},"modified":"2023-09-17T05:29:13","modified_gmt":"2023-09-17T03:29:13","slug":"actualites","status":"publish","type":"page","link":"https:\/\/sahelinstitute.org\/?page_id=480","title":{"rendered":"Actualit\u00e9s"},"content":{"rendered":"\t\t<div data-elementor-type=\"wp-page\" data-elementor-id=\"480\" class=\"elementor elementor-480\" data-elementor-post-type=\"page\">\n\t\t\t\t\t\t<section class=\"elementor-section elementor-top-section elementor-element elementor-element-aa2e697 elementor-section-boxed elementor-section-height-default elementor-section-height-default\" data-id=\"aa2e697\" data-element_type=\"section\">\n\t\t\t\t\t\t<div class=\"elementor-container elementor-column-gap-default\">\n\t\t\t\t\t<div class=\"elementor-column elementor-col-100 elementor-top-column elementor-element elementor-element-93a4d55\" data-id=\"93a4d55\" data-element_type=\"column\">\n\t\t\t<div class=\"elementor-widget-wrap elementor-element-populated\">\n\t\t\t\t\t\t<div class=\"elementor-element elementor-element-2bb1d59 elementor-widget elementor-widget-heading\" data-id=\"2bb1d59\" data-element_type=\"widget\" data-widget_type=\"heading.default\">\n\t\t\t\t<div class=\"elementor-widget-container\">\n\t\t\t\t\t<h2 class=\"elementor-heading-title elementor-size-default\">Actualit\u00e9s<\/h2>\t\t\t\t<\/div>\n\t\t\t\t<\/div>\n\t\t\t\t<div class=\"elementor-element elementor-element-84c2613 elementor-grid-3 elementor-grid-tablet-2 elementor-grid-mobile-1 elementor-posts--thumbnail-top elementor-posts--show-avatar elementor-card-shadow-yes elementor-posts__hover-gradient elementor-widget elementor-widget-posts\" data-id=\"84c2613\" data-element_type=\"widget\" data-settings=\"{&quot;cards_columns&quot;:&quot;3&quot;,&quot;cards_columns_tablet&quot;:&quot;2&quot;,&quot;cards_columns_mobile&quot;:&quot;1&quot;,&quot;cards_row_gap&quot;:{&quot;unit&quot;:&quot;px&quot;,&quot;size&quot;:35,&quot;sizes&quot;:[]},&quot;cards_row_gap_tablet&quot;:{&quot;unit&quot;:&quot;px&quot;,&quot;size&quot;:&quot;&quot;,&quot;sizes&quot;:[]},&quot;cards_row_gap_mobile&quot;:{&quot;unit&quot;:&quot;px&quot;,&quot;size&quot;:&quot;&quot;,&quot;sizes&quot;:[]}}\" data-widget_type=\"posts.cards\">\n\t\t\t\t<div class=\"elementor-widget-container\">\n\t\t\t\t\t\t\t<div class=\"elementor-posts-container elementor-posts elementor-posts--skin-cards elementor-grid\" role=\"list\">\n\t\t\t\t<article class=\"elementor-post elementor-grid-item post-982 post type-post status-publish format-standard has-post-thumbnail hentry category-actualites\" role=\"listitem\">\n\t\t\t<div class=\"elementor-post__card\">\n\t\t\t\t<a class=\"elementor-post__thumbnail__link\" href=\"https:\/\/sahelinstitute.org\/?p=982\" tabindex=\"-1\" target=\"_blank\"><div class=\"elementor-post__thumbnail\"><img fetchpriority=\"high\" decoding=\"async\" width=\"300\" height=\"184\" src=\"https:\/\/sahelinstitute.org\/wp-content\/uploads\/2025\/12\/WhatsApp-Image-2025-12-13-at-13.20.20-300x184.jpeg\" class=\"attachment-medium size-medium wp-image-990\" alt=\"\" srcset=\"https:\/\/sahelinstitute.org\/wp-content\/uploads\/2025\/12\/WhatsApp-Image-2025-12-13-at-13.20.20-300x184.jpeg 300w, https:\/\/sahelinstitute.org\/wp-content\/uploads\/2025\/12\/WhatsApp-Image-2025-12-13-at-13.20.20-350x214.jpeg 350w, https:\/\/sahelinstitute.org\/wp-content\/uploads\/2025\/12\/WhatsApp-Image-2025-12-13-at-13.20.20.jpeg 720w\" sizes=\"100vw\" \/><\/div><\/a>\n\t\t\t\t<div class=\"elementor-post__badge\">Actualit\u00e9s<\/div>\n\t\t\t\t<div class=\"elementor-post__avatar\">\n\t\t\t<img alt='admin' src='https:\/\/secure.gravatar.com\/avatar\/c746158a2ac55afa81556cfa322f1460c5520f572957f25f8f45af20cbf5b72b?s=128&#038;d=mm&#038;r=g' srcset='https:\/\/secure.gravatar.com\/avatar\/c746158a2ac55afa81556cfa322f1460c5520f572957f25f8f45af20cbf5b72b?s=256&#038;d=mm&#038;r=g 2x' class='avatar avatar-128 photo' height='128' width='128' \/>\t\t<\/div>\n\t\t\t\t<div class=\"elementor-post__text\">\n\t\t\t\t<h3 class=\"elementor-post__title\">\n\t\t\t<a href=\"https:\/\/sahelinstitute.org\/?p=982\" target=&quot;_blank&quot;>\n\t\t\t\tSahel Institute mobilise la jeunesse malienne contre la d\u00e9sinformation\t\t\t<\/a>\n\t\t<\/h3>\n\t\t\t\t<div class=\"elementor-post__excerpt\">\n\t\t\t<p>Sahel Institute mobilise la jeunesse malienne contre la d\u00e9sinformation \u00a0#Sahel_Institute mobilise la jeunesse malienne contre la #d\u00e9sinformationFace \u00e0 la mont\u00e9e pr\u00e9occupante de la d\u00e9sinformation au Mali, le Sahel Institute, avec l\u2019appui du National Endowment for Democracy, a lanc\u00e9 \u00e0 Bamako une s\u00e9rie d\u2019activit\u00e9s dans le cadre du projet \u00ab Jeunes<\/p>\n\t\t<\/div>\n\t\t\n\t\t<a class=\"elementor-post__read-more\" href=\"https:\/\/sahelinstitute.org\/?p=982\" aria-label=\"Read more about Sahel Institute mobilise la jeunesse malienne contre la d\u00e9sinformation\" tabindex=\"-1\" target=\"_blank\">\n\t\t\tLire plus \u00bb\t\t<\/a>\n\n\t\t\t\t<\/div>\n\t\t\t\t<div class=\"elementor-post__meta-data\">\n\t\t\t\t\t<span class=\"elementor-post-date\">\n\t\t\t11 d\u00e9cembre 2025\t\t<\/span>\n\t\t\t\t<span class=\"elementor-post-avatar\">\n\t\t\tAucun commentaire\t\t<\/span>\n\t\t\t\t<\/div>\n\t\t\t\t\t<\/div>\n\t\t<\/article>\n\t\t\t\t<article class=\"elementor-post elementor-grid-item post-967 post type-post status-publish format-standard has-post-thumbnail hentry category-actualites\" role=\"listitem\">\n\t\t\t<div class=\"elementor-post__card\">\n\t\t\t\t<a class=\"elementor-post__thumbnail__link\" href=\"https:\/\/sahelinstitute.org\/?p=967\" tabindex=\"-1\" target=\"_blank\"><div class=\"elementor-post__thumbnail\"><img decoding=\"async\" width=\"300\" height=\"171\" src=\"https:\/\/sahelinstitute.org\/wp-content\/uploads\/2025\/12\/594395453_823485583923498_8067562001684301350_n-300x171.jpg\" class=\"attachment-medium size-medium wp-image-970\" alt=\"\" srcset=\"https:\/\/sahelinstitute.org\/wp-content\/uploads\/2025\/12\/594395453_823485583923498_8067562001684301350_n-300x171.jpg 300w, https:\/\/sahelinstitute.org\/wp-content\/uploads\/2025\/12\/594395453_823485583923498_8067562001684301350_n-1024x585.jpg 1024w, https:\/\/sahelinstitute.org\/wp-content\/uploads\/2025\/12\/594395453_823485583923498_8067562001684301350_n-768x439.jpg 768w, https:\/\/sahelinstitute.org\/wp-content\/uploads\/2025\/12\/594395453_823485583923498_8067562001684301350_n-350x200.jpg 350w, https:\/\/sahelinstitute.org\/wp-content\/uploads\/2025\/12\/594395453_823485583923498_8067562001684301350_n.jpg 1080w\" sizes=\"100vw\" \/><\/div><\/a>\n\t\t\t\t<div class=\"elementor-post__badge\">Actualit\u00e9s<\/div>\n\t\t\t\t<div class=\"elementor-post__avatar\">\n\t\t\t<img alt='admin' src='https:\/\/secure.gravatar.com\/avatar\/c746158a2ac55afa81556cfa322f1460c5520f572957f25f8f45af20cbf5b72b?s=128&#038;d=mm&#038;r=g' srcset='https:\/\/secure.gravatar.com\/avatar\/c746158a2ac55afa81556cfa322f1460c5520f572957f25f8f45af20cbf5b72b?s=256&#038;d=mm&#038;r=g 2x' class='avatar avatar-128 photo' height='128' width='128' \/>\t\t<\/div>\n\t\t\t\t<div class=\"elementor-post__text\">\n\t\t\t\t<h3 class=\"elementor-post__title\">\n\t\t\t<a href=\"https:\/\/sahelinstitute.org\/?p=967\" target=&quot;_blank&quot;>\n\t\t\t\tLutte contre la d\u00e9sinformation\t\t\t<\/a>\n\t\t<\/h3>\n\t\t\t\t<div class=\"elementor-post__excerpt\">\n\t\t\t<p>Lutte Contre la Desinformation #LutteContrelaDesinformationApr\u00e8s une premi\u00e8re phase \u00e0 Bamako, Sahel Institute for Democracy and Governance poursuit son \u00e9lan en renfor\u00e7ant la pens\u00e9e critique des jeunes.Gr\u00e2ce au projet \u00ab Jeunes inform\u00e9s, citoyens engag\u00e9s : Piliers de la d\u00e9mocratie malienne \u00bb, une nouvelle dynamique citoyenne est en train de na\u00eetre en<\/p>\n\t\t<\/div>\n\t\t\n\t\t<a class=\"elementor-post__read-more\" href=\"https:\/\/sahelinstitute.org\/?p=967\" aria-label=\"Read more about Lutte contre la d\u00e9sinformation\" tabindex=\"-1\" target=\"_blank\">\n\t\t\tLire plus \u00bb\t\t<\/a>\n\n\t\t\t\t<\/div>\n\t\t\t\t<div class=\"elementor-post__meta-data\">\n\t\t\t\t\t<span class=\"elementor-post-date\">\n\t\t\t2 d\u00e9cembre 2025\t\t<\/span>\n\t\t\t\t<span class=\"elementor-post-avatar\">\n\t\t\tAucun commentaire\t\t<\/span>\n\t\t\t\t<\/div>\n\t\t\t\t\t<\/div>\n\t\t<\/article>\n\t\t\t\t<article class=\"elementor-post elementor-grid-item post-748 post type-post status-publish format-standard has-post-thumbnail hentry category-actualites\" role=\"listitem\">\n\t\t\t<div class=\"elementor-post__card\">\n\t\t\t\t<a class=\"elementor-post__thumbnail__link\" href=\"https:\/\/sahelinstitute.org\/?p=748\" tabindex=\"-1\" target=\"_blank\"><div class=\"elementor-post__thumbnail\"><img decoding=\"async\" width=\"300\" height=\"225\" src=\"https:\/\/sahelinstitute.org\/wp-content\/uploads\/2023\/09\/379854426_263535429918519_5705099336808112953_n-300x225.jpg\" class=\"attachment-medium size-medium wp-image-753\" alt=\"\" srcset=\"https:\/\/sahelinstitute.org\/wp-content\/uploads\/2023\/09\/379854426_263535429918519_5705099336808112953_n-300x225.jpg 300w, https:\/\/sahelinstitute.org\/wp-content\/uploads\/2023\/09\/379854426_263535429918519_5705099336808112953_n-350x263.jpg 350w, https:\/\/sahelinstitute.org\/wp-content\/uploads\/2023\/09\/379854426_263535429918519_5705099336808112953_n-1024x768.jpg 1024w, https:\/\/sahelinstitute.org\/wp-content\/uploads\/2023\/09\/379854426_263535429918519_5705099336808112953_n-768x576.jpg 768w, https:\/\/sahelinstitute.org\/wp-content\/uploads\/2023\/09\/379854426_263535429918519_5705099336808112953_n-1536x1152.jpg 1536w, https:\/\/sahelinstitute.org\/wp-content\/uploads\/2023\/09\/379854426_263535429918519_5705099336808112953_n.jpg 2048w\" sizes=\"100vw\" \/><\/div><\/a>\n\t\t\t\t<div class=\"elementor-post__badge\">Actualit\u00e9s<\/div>\n\t\t\t\t<div class=\"elementor-post__avatar\">\n\t\t\t<img alt='admin' src='https:\/\/secure.gravatar.com\/avatar\/c746158a2ac55afa81556cfa322f1460c5520f572957f25f8f45af20cbf5b72b?s=128&#038;d=mm&#038;r=g' srcset='https:\/\/secure.gravatar.com\/avatar\/c746158a2ac55afa81556cfa322f1460c5520f572957f25f8f45af20cbf5b72b?s=256&#038;d=mm&#038;r=g 2x' class='avatar avatar-128 photo' height='128' width='128' \/>\t\t<\/div>\n\t\t\t\t<div class=\"elementor-post__text\">\n\t\t\t\t<h3 class=\"elementor-post__title\">\n\t\t\t<a href=\"https:\/\/sahelinstitute.org\/?p=748\" target=&quot;_blank&quot;>\n\t\t\t\t#International_Democracy_Day\t\t\t<\/a>\n\t\t<\/h3>\n\t\t\t\t<div class=\"elementor-post__excerpt\">\n\t\t\t<p>#International_Democracy_Day Notre Directeur Ex\u00e9cutif Moussa Kondo a pr\u00e9sid\u00e9 un Panel de haut niveau sur le th\u00e8me : \u00ab Une D\u00e9mocratie inclusive pour un d\u00e9veloppement durable \u00bb au si\u00e8ge des Nations Unies, \u00e0 #New_York en marge de l\u2019Assembl\u00e9e G\u00e9n\u00e9rale de la dite institution en tant Directeur Ex\u00e9cutif de Sahel Institute for<\/p>\n\t\t<\/div>\n\t\t\n\t\t<a class=\"elementor-post__read-more\" href=\"https:\/\/sahelinstitute.org\/?p=748\" aria-label=\"Read more about #International_Democracy_Day\" tabindex=\"-1\" target=\"_blank\">\n\t\t\tLire plus \u00bb\t\t<\/a>\n\n\t\t\t\t<\/div>\n\t\t\t\t<div class=\"elementor-post__meta-data\">\n\t\t\t\t\t<span class=\"elementor-post-date\">\n\t\t\t17 septembre 2023\t\t<\/span>\n\t\t\t\t<span class=\"elementor-post-avatar\">\n\t\t\tAucun commentaire\t\t<\/span>\n\t\t\t\t<\/div>\n\t\t\t\t\t<\/div>\n\t\t<\/article>\n\t\t\t\t<article class=\"elementor-post elementor-grid-item post-375 post type-post status-publish format-standard has-post-thumbnail hentry category-actualites\" role=\"listitem\">\n\t\t\t<div class=\"elementor-post__card\">\n\t\t\t\t<a class=\"elementor-post__thumbnail__link\" href=\"https:\/\/sahelinstitute.org\/?p=375\" tabindex=\"-1\" target=\"_blank\"><div class=\"elementor-post__thumbnail\"><img loading=\"lazy\" decoding=\"async\" width=\"300\" height=\"225\" src=\"https:\/\/sahelinstitute.org\/wp-content\/uploads\/2023\/08\/365469668_243593228579406_6732745058063804676_n-300x225.jpg\" class=\"attachment-medium size-medium wp-image-383\" alt=\"\" srcset=\"https:\/\/sahelinstitute.org\/wp-content\/uploads\/2023\/08\/365469668_243593228579406_6732745058063804676_n-300x225.jpg 300w, https:\/\/sahelinstitute.org\/wp-content\/uploads\/2023\/08\/365469668_243593228579406_6732745058063804676_n-350x263.jpg 350w, https:\/\/sahelinstitute.org\/wp-content\/uploads\/2023\/08\/365469668_243593228579406_6732745058063804676_n-1024x768.jpg 1024w, https:\/\/sahelinstitute.org\/wp-content\/uploads\/2023\/08\/365469668_243593228579406_6732745058063804676_n-768x576.jpg 768w, https:\/\/sahelinstitute.org\/wp-content\/uploads\/2023\/08\/365469668_243593228579406_6732745058063804676_n-1536x1152.jpg 1536w, https:\/\/sahelinstitute.org\/wp-content\/uploads\/2023\/08\/365469668_243593228579406_6732745058063804676_n.jpg 2048w\" sizes=\"100vw\" \/><\/div><\/a>\n\t\t\t\t<div class=\"elementor-post__badge\">Actualit\u00e9s<\/div>\n\t\t\t\t<div class=\"elementor-post__avatar\">\n\t\t\t<img alt='admin' src='https:\/\/secure.gravatar.com\/avatar\/c746158a2ac55afa81556cfa322f1460c5520f572957f25f8f45af20cbf5b72b?s=128&#038;d=mm&#038;r=g' srcset='https:\/\/secure.gravatar.com\/avatar\/c746158a2ac55afa81556cfa322f1460c5520f572957f25f8f45af20cbf5b72b?s=256&#038;d=mm&#038;r=g 2x' class='avatar avatar-128 photo' height='128' width='128' \/>\t\t<\/div>\n\t\t\t\t<div class=\"elementor-post__text\">\n\t\t\t\t<h3 class=\"elementor-post__title\">\n\t\t\t<a href=\"https:\/\/sahelinstitute.org\/?p=375\" target=&quot;_blank&quot;>\n\t\t\t\t#Safety_Nets_Summit, #INDIA_2023\t\t\t<\/a>\n\t\t<\/h3>\n\t\t\t\t<div class=\"elementor-post__excerpt\">\n\t\t\t<p>#Safety_Nets_Summit, #INDIA_2023 Notre Directeur ex\u00e9cutif Moussa Kondo a particip\u00e9 \u00e0 ce Sommet International tenu \u00e0 #New_Delhi, Inde sur les \u00ab filets de s\u00e9curit\u00e9 universels \u00bb organis\u00e9 par Indus Action. Avec plus de 1,4 millards de personnes, cette exp\u00e9rience est une opportunit\u00e9 pour beaucoup d\u2019autres pays d\u2019apprendre ou d\u2019am\u00e9liorer leurs propre<\/p>\n\t\t<\/div>\n\t\t\n\t\t<a class=\"elementor-post__read-more\" href=\"https:\/\/sahelinstitute.org\/?p=375\" aria-label=\"Read more about #Safety_Nets_Summit, #INDIA_2023\" tabindex=\"-1\" target=\"_blank\">\n\t\t\tLire plus \u00bb\t\t<\/a>\n\n\t\t\t\t<\/div>\n\t\t\t\t<div class=\"elementor-post__meta-data\">\n\t\t\t\t\t<span class=\"elementor-post-date\">\n\t\t\t8 ao\u00fbt 2023\t\t<\/span>\n\t\t\t\t<span class=\"elementor-post-avatar\">\n\t\t\tAucun commentaire\t\t<\/span>\n\t\t\t\t<\/div>\n\t\t\t\t\t<\/div>\n\t\t<\/article>\n\t\t\t\t<article class=\"elementor-post elementor-grid-item post-170 post type-post status-publish format-standard has-post-thumbnail hentry category-actualites\" role=\"listitem\">\n\t\t\t<div class=\"elementor-post__card\">\n\t\t\t\t<a class=\"elementor-post__thumbnail__link\" href=\"https:\/\/sahelinstitute.org\/?p=170\" tabindex=\"-1\" target=\"_blank\"><div class=\"elementor-post__thumbnail\"><img loading=\"lazy\" decoding=\"async\" width=\"300\" height=\"200\" src=\"https:\/\/sahelinstitute.org\/wp-content\/uploads\/2023\/06\/353633913_213258858279510_8230644888471487174_n-300x200.jpg\" class=\"attachment-medium size-medium wp-image-180\" alt=\"\" srcset=\"https:\/\/sahelinstitute.org\/wp-content\/uploads\/2023\/06\/353633913_213258858279510_8230644888471487174_n-300x200.jpg 300w, https:\/\/sahelinstitute.org\/wp-content\/uploads\/2023\/06\/353633913_213258858279510_8230644888471487174_n-350x234.jpg 350w, https:\/\/sahelinstitute.org\/wp-content\/uploads\/2023\/06\/353633913_213258858279510_8230644888471487174_n.jpg 592w\" sizes=\"100vw\" \/><\/div><\/a>\n\t\t\t\t<div class=\"elementor-post__badge\">Actualit\u00e9s<\/div>\n\t\t\t\t<div class=\"elementor-post__avatar\">\n\t\t\t<img alt='admin' src='https:\/\/secure.gravatar.com\/avatar\/c746158a2ac55afa81556cfa322f1460c5520f572957f25f8f45af20cbf5b72b?s=128&#038;d=mm&#038;r=g' srcset='https:\/\/secure.gravatar.com\/avatar\/c746158a2ac55afa81556cfa322f1460c5520f572957f25f8f45af20cbf5b72b?s=256&#038;d=mm&#038;r=g 2x' class='avatar avatar-128 photo' height='128' width='128' \/>\t\t<\/div>\n\t\t\t\t<div class=\"elementor-post__text\">\n\t\t\t\t<h3 class=\"elementor-post__title\">\n\t\t\t<a href=\"https:\/\/sahelinstitute.org\/?p=170\" target=&quot;_blank&quot;>\n\t\t\t\tRencontre #PNUDMALI et #Jeunes_Maliens\t\t\t<\/a>\n\t\t<\/h3>\n\t\t\t\t<div class=\"elementor-post__excerpt\">\n\t\t\t<p>Rencontre #PNUDMALI et #Jeunes_Maliens Lors de sa rencontre avec les jeunes, le repr\u00e9sentant r\u00e9sident du @PNUDMALI s\u2019est dit tr\u00e8s honor\u00e9 et fier de l\u2019engagement et la cr\u00e9ativit\u00e9 des jeunes Maliens. #SahelInstitute \u00e9tait parmi les organisations invit\u00e9es. Il faut savoir que le #Sahel est la r\u00e9gion la plus jeune au monde,<\/p>\n\t\t<\/div>\n\t\t\n\t\t<a class=\"elementor-post__read-more\" href=\"https:\/\/sahelinstitute.org\/?p=170\" aria-label=\"Read more about Rencontre #PNUDMALI et #Jeunes_Maliens\" tabindex=\"-1\" target=\"_blank\">\n\t\t\tLire plus \u00bb\t\t<\/a>\n\n\t\t\t\t<\/div>\n\t\t\t\t<div class=\"elementor-post__meta-data\">\n\t\t\t\t\t<span class=\"elementor-post-date\">\n\t\t\t21 juin 2023\t\t<\/span>\n\t\t\t\t<span class=\"elementor-post-avatar\">\n\t\t\tAucun commentaire\t\t<\/span>\n\t\t\t\t<\/div>\n\t\t\t\t\t<\/div>\n\t\t<\/article>\n\t\t\t\t<article class=\"elementor-post elementor-grid-item post-304 post type-post status-publish format-standard has-post-thumbnail hentry category-actualites\" role=\"listitem\">\n\t\t\t<div class=\"elementor-post__card\">\n\t\t\t\t<a class=\"elementor-post__thumbnail__link\" href=\"https:\/\/sahelinstitute.org\/?p=304\" tabindex=\"-1\" target=\"_blank\"><div class=\"elementor-post__thumbnail\"><img loading=\"lazy\" decoding=\"async\" width=\"300\" height=\"225\" src=\"https:\/\/sahelinstitute.org\/wp-content\/uploads\/2023\/08\/Sahel-Up-300x225.jpg\" class=\"attachment-medium size-medium wp-image-310\" alt=\"\" srcset=\"https:\/\/sahelinstitute.org\/wp-content\/uploads\/2023\/08\/Sahel-Up-300x225.jpg 300w, https:\/\/sahelinstitute.org\/wp-content\/uploads\/2023\/08\/Sahel-Up-350x263.jpg 350w, https:\/\/sahelinstitute.org\/wp-content\/uploads\/2023\/08\/Sahel-Up.jpg 480w\" sizes=\"100vw\" \/><\/div><\/a>\n\t\t\t\t<div class=\"elementor-post__badge\">Actualit\u00e9s<\/div>\n\t\t\t\t<div class=\"elementor-post__avatar\">\n\t\t\t<img alt='admin' src='https:\/\/secure.gravatar.com\/avatar\/c746158a2ac55afa81556cfa322f1460c5520f572957f25f8f45af20cbf5b72b?s=128&#038;d=mm&#038;r=g' srcset='https:\/\/secure.gravatar.com\/avatar\/c746158a2ac55afa81556cfa322f1460c5520f572957f25f8f45af20cbf5b72b?s=256&#038;d=mm&#038;r=g 2x' class='avatar avatar-128 photo' height='128' width='128' \/>\t\t<\/div>\n\t\t\t\t<div class=\"elementor-post__text\">\n\t\t\t\t<h3 class=\"elementor-post__title\">\n\t\t\t<a href=\"https:\/\/sahelinstitute.org\/?p=304\" target=&quot;_blank&quot;>\n\t\t\t\tEt, voici \u00abSahel up\u00bb !: Pour changer le narratif sur l\u2019Afrique par des \u00abinformations positives\u00bb\t\t\t<\/a>\n\t\t<\/h3>\n\t\t\t\t<div class=\"elementor-post__excerpt\">\n\t\t\t<p>Et, voici \u00abSahel up\u00bb !: Pour changer le narratif sur l\u2019Afrique par des \u00abinformations positives\u00bb L\u2019Institut sah\u00e9lien pour la d\u00e9mocratie et la bonne gouvernance a pr\u00e9sent\u00e9, le 17 mars 2023 dans ses locaux \u00e0 Faladi\u00e8, son concept \u00abSahel Up : Positive Network for change\u00bb qui vise \u00e0 parler du continent<\/p>\n\t\t<\/div>\n\t\t\n\t\t<a class=\"elementor-post__read-more\" href=\"https:\/\/sahelinstitute.org\/?p=304\" aria-label=\"Read more about Et, voici \u00abSahel up\u00bb !: Pour changer le narratif sur l\u2019Afrique par des \u00abinformations positives\u00bb\" tabindex=\"-1\" target=\"_blank\">\n\t\t\tLire plus \u00bb\t\t<\/a>\n\n\t\t\t\t<\/div>\n\t\t\t\t<div class=\"elementor-post__meta-data\">\n\t\t\t\t\t<span class=\"elementor-post-date\">\n\t\t\t21 mars 2023\t\t<\/span>\n\t\t\t\t<span class=\"elementor-post-avatar\">\n\t\t\tAucun commentaire\t\t<\/span>\n\t\t\t\t<\/div>\n\t\t\t\t\t<\/div>\n\t\t<\/article>\n\t\t\t\t<\/div>\n\t\t\n\t\t\t\t\t\t<\/div>\n\t\t\t\t<\/div>\n\t\t\t\t\t<\/div>\n\t\t<\/div>\n\t\t\t\t\t<\/div>\n\t\t<\/section>\n\t\t\t\t<\/div>\n\t\t","protected":false},"excerpt":{"rendered":"<p>Actualit\u00e9s<\/p>\n","protected":false},"author":1,"featured_media":0,"parent":0,"menu_order":0,"comment_status":"closed","ping_status":"closed","template":"elementor_header_footer","meta":{"_monsterinsights_skip_tracking":false,"_monsterinsights_sitenote_active":false,"_monsterinsights_sitenote_note":"","_monsterinsights_sitenote_category":0,"footnotes":""},"class_list":["post-480","page","type-page","status-publish","hentry"],"_links":{"self":[{"href":"https:\/\/sahelinstitute.org\/index.php?rest_route=\/wp\/v2\/pages\/480","targetHints":{"allow":["GET"]}}],"collection":[{"href":"https:\/\/sahelinstitute.org\/index.php?rest_route=\/wp\/v2\/pages"}],"about":[{"href":"https:\/\/sahelinstitute.org\/index.php?rest_route=\/wp\/v2\/types\/page"}],"author":[{"embeddable":true,"href":"https:\/\/sahelinstitute.org\/index.php?rest_route=\/wp\/v2\/users\/1"}],"replies":[{"embeddable":true,"href":"https:\/\/sahelinstitute.org\/index.php?rest_route=%2Fwp%2Fv2%2Fcomments&post=480"}],"version-history":[{"count":6,"href":"https:\/\/sahelinstitute.org\/index.php?rest_route=\/wp\/v2\/pages\/480\/revisions"}],"predecessor-version":[{"id":975,"href":"https:\/\/sahelinstitute.org\/index.php?rest_route=\/wp\/v2\/pages\/480\/revisions\/975"}],"wp:attachment":[{"href":"https:\/\/sahelinstitute.org\/index.php?rest_route=%2Fwp%2Fv2%2Fmedia&parent=480"}],"curies":[{"name":"wp","href":"https:\/\/api.w.org\/{rel}","templated":true}]}}