{"id":150,"date":"2023-07-26T17:55:45","date_gmt":"2023-07-26T15:55:45","guid":{"rendered":"https:\/\/sahelinstitute.org\/?page_id=150"},"modified":"2023-08-17T19:23:20","modified_gmt":"2023-08-17T17:23:20","slug":"a-propos","status":"publish","type":"page","link":"https:\/\/sahelinstitute.org\/?page_id=150","title":{"rendered":"A propos"},"content":{"rendered":"\t\t<div data-elementor-type=\"wp-page\" data-elementor-id=\"150\" class=\"elementor elementor-150\" data-elementor-post-type=\"page\">\n\t\t\t\t\t\t<section class=\"elementor-section elementor-top-section elementor-element elementor-element-2327a6e elementor-section-boxed elementor-section-height-default elementor-section-height-default\" data-id=\"2327a6e\" data-element_type=\"section\">\n\t\t\t\t\t\t<div class=\"elementor-container elementor-column-gap-default\">\n\t\t\t\t\t<div class=\"elementor-column elementor-col-50 elementor-top-column elementor-element elementor-element-479145c\" data-id=\"479145c\" data-element_type=\"column\">\n\t\t\t<div class=\"elementor-widget-wrap elementor-element-populated\">\n\t\t\t\t\t\t<div class=\"elementor-element elementor-element-03eeb32 elementor-widget elementor-widget-spacer\" data-id=\"03eeb32\" data-element_type=\"widget\" data-widget_type=\"spacer.default\">\n\t\t\t\t<div class=\"elementor-widget-container\">\n\t\t\t\t\t\t\t<div class=\"elementor-spacer\">\n\t\t\t<div class=\"elementor-spacer-inner\"><\/div>\n\t\t<\/div>\n\t\t\t\t\t\t<\/div>\n\t\t\t\t<\/div>\n\t\t\t\t<div class=\"elementor-element elementor-element-c096b39 elementor-widget elementor-widget-heading\" data-id=\"c096b39\" data-element_type=\"widget\" data-widget_type=\"heading.default\">\n\t\t\t\t<div class=\"elementor-widget-container\">\n\t\t\t\t\t<h2 class=\"elementor-heading-title elementor-size-default\">A Propos<\/h2>\t\t\t\t<\/div>\n\t\t\t\t<\/div>\n\t\t\t\t<div class=\"elementor-element elementor-element-d87310b elementor-widget elementor-widget-text-editor\" data-id=\"d87310b\" data-element_type=\"widget\" data-widget_type=\"text-editor.default\">\n\t\t\t\t<div class=\"elementor-widget-container\">\n\t\t\t\t\t\t\t\t\t<p>Cela fait 10 ans depuis le d\u00e9but de cette nouvelle phase d\u2019ins\u00e9curit\u00e9 Socio-politique dans notre pays et dans le <a href=\"https:\/\/www.facebook.com\/hashtag\/sahel?__eep__=6&amp;__cft__%5B0%5D=AZUxm6JcaQN0yHEPGRl1mEH0MW0cU2EE6mw01x-iKkyrhhvmpxkl9SUF8ssMII8RJEwJf1NWgRXWazw9eH1P1RLmB3yXGMRs-3j-2bLTNlQrwgjTNCwLefkt7x9Efn3FRhwST2cVdS6oggObqm-wJC1goOTZJka73J5bKeUrrpoyU9d_EPaqvUae2nklDxYUwRM&amp;__tn__=*NK-R\">Sahel<\/a> avec l\u2019attaque d\u2019Aguelhok o\u00f9 nous avons perdu plus 150 militaires en Janvier 2012. De cette date \u00e0 aujourd\u2019hui, en lieu et place de circonscrire le conflit, la violence, la peur et l\u2019exode des populations se sont export\u00e9s dans d\u2019autres r\u00e9gions du Mali, ont atteint le <a href=\"https:\/\/www.facebook.com\/hashtag\/niger?__eep__=6&amp;__cft__%5B0%5D=AZUxm6JcaQN0yHEPGRl1mEH0MW0cU2EE6mw01x-iKkyrhhvmpxkl9SUF8ssMII8RJEwJf1NWgRXWazw9eH1P1RLmB3yXGMRs-3j-2bLTNlQrwgjTNCwLefkt7x9Efn3FRhwST2cVdS6oggObqm-wJC1goOTZJka73J5bKeUrrpoyU9d_EPaqvUae2nklDxYUwRM&amp;__tn__=*NK-R\">Niger<\/a> et le <a href=\"https:\/\/www.facebook.com\/hashtag\/burkinafaso?__eep__=6&amp;__cft__%5B0%5D=AZUxm6JcaQN0yHEPGRl1mEH0MW0cU2EE6mw01x-iKkyrhhvmpxkl9SUF8ssMII8RJEwJf1NWgRXWazw9eH1P1RLmB3yXGMRs-3j-2bLTNlQrwgjTNCwLefkt7x9Efn3FRhwST2cVdS6oggObqm-wJC1goOTZJka73J5bKeUrrpoyU9d_EPaqvUae2nklDxYUwRM&amp;__tn__=*NK-R\">Burkina Faso<\/a> aussi une grand partie des r\u00e9gions du Nord du Togo, du Benin et la fronti\u00e8re S\u00e9n\u00e9galaise aujourd\u2019hui avec les nombreuses attaques dans la r\u00e9gion de Kayes.<\/p><p>C\u2019est dans ce contexte que la transition politique mise en place apr\u00e8s le coup de force du 18 Aout 2020 de proc\u00e9der \u00e0 des r\u00e9formes pour plus de transparence, de pertinence afin que les nouvelles lois r\u00e9pondent aux attentes des citoyens pour consolider les institutions d\u00e9mocratiques et promouvoir les bonnes pratiques.<\/p>\t\t\t\t\t\t\t\t<\/div>\n\t\t\t\t<\/div>\n\t\t\t\t\t<\/div>\n\t\t<\/div>\n\t\t\t\t<div class=\"elementor-column elementor-col-50 elementor-top-column elementor-element elementor-element-68323585\" data-id=\"68323585\" data-element_type=\"column\">\n\t\t\t<div class=\"elementor-widget-wrap elementor-element-populated\">\n\t\t\t\t\t\t<div class=\"elementor-element elementor-element-ce1b55d elementor-widget elementor-widget-spacer\" data-id=\"ce1b55d\" data-element_type=\"widget\" data-widget_type=\"spacer.default\">\n\t\t\t\t<div class=\"elementor-widget-container\">\n\t\t\t\t\t\t\t<div class=\"elementor-spacer\">\n\t\t\t<div class=\"elementor-spacer-inner\"><\/div>\n\t\t<\/div>\n\t\t\t\t\t\t<\/div>\n\t\t\t\t<\/div>\n\t\t\t\t<div class=\"elementor-element elementor-element-773fe8e2 elementor-widget elementor-widget-image\" data-id=\"773fe8e2\" data-element_type=\"widget\" data-widget_type=\"image.default\">\n\t\t\t\t<div class=\"elementor-widget-container\">\n\t\t\t\t\t\t\t\t\t\t\t\t\t\t\t<img fetchpriority=\"high\" decoding=\"async\" width=\"525\" height=\"350\" src=\"https:\/\/sahelinstitute.org\/wp-content\/uploads\/2023\/01\/VtGLcivTXtk-1024x683.jpg\" class=\"attachment-large size-large wp-image-10\" alt=\"\" srcset=\"https:\/\/sahelinstitute.org\/wp-content\/uploads\/2023\/01\/VtGLcivTXtk-1024x683.jpg 1024w, https:\/\/sahelinstitute.org\/wp-content\/uploads\/2023\/01\/VtGLcivTXtk-scaled-350x233.jpg 350w, https:\/\/sahelinstitute.org\/wp-content\/uploads\/2023\/01\/VtGLcivTXtk-300x200.jpg 300w, https:\/\/sahelinstitute.org\/wp-content\/uploads\/2023\/01\/VtGLcivTXtk-768x512.jpg 768w, https:\/\/sahelinstitute.org\/wp-content\/uploads\/2023\/01\/VtGLcivTXtk-1536x1024.jpg 1536w, https:\/\/sahelinstitute.org\/wp-content\/uploads\/2023\/01\/VtGLcivTXtk-2048x1366.jpg 2048w\" sizes=\"100vw\" \/>\t\t\t\t\t\t\t\t\t\t\t\t\t\t\t<\/div>\n\t\t\t\t<\/div>\n\t\t\t\t\t<\/div>\n\t\t<\/div>\n\t\t\t\t\t<\/div>\n\t\t<\/section>\n\t\t\t\t<section class=\"elementor-section elementor-top-section elementor-element elementor-element-40794d7 elementor-section-boxed elementor-section-height-default elementor-section-height-default\" data-id=\"40794d7\" data-element_type=\"section\">\n\t\t\t\t\t\t<div class=\"elementor-container elementor-column-gap-default\">\n\t\t\t\t\t<div class=\"elementor-column elementor-col-100 elementor-top-column elementor-element elementor-element-f72cb7b\" data-id=\"f72cb7b\" data-element_type=\"column\">\n\t\t\t<div class=\"elementor-widget-wrap elementor-element-populated\">\n\t\t\t\t\t\t<div class=\"elementor-element elementor-element-0e6fa33 elementor-widget elementor-widget-text-editor\" data-id=\"0e6fa33\" data-element_type=\"widget\" data-widget_type=\"text-editor.default\">\n\t\t\t\t<div class=\"elementor-widget-container\">\n\t\t\t\t\t\t\t\t\t<p>Pour atteindre ces objectifs tellement importants et cruciaux pour notre pays en phase de son histoire, la soci\u00e9t\u00e9 civile doit \u00eatre mobilis\u00e9e pour la mise en \u0153uvre continue des activit\u00e9s d\u2019information\/formation, de sensibilisation\/\u00e9ducation civique en fran\u00e7ais et dans les langues nationales, pour une appropriation v\u00e9ritable de la gouvernance et de la d\u00e9mocratie par les citoyennes et les citoyens du Mali.<\/p><p>La strat\u00e9gie antiterroriste internationale au Mali voire le Sahel ne fonctionne pas, et ce depuis des d\u00e9cennies. La communaut\u00e9 internationale a vers\u00e9 des milliards de Dollars dans la lutte contre le terrorisme \u00e0 travers de nombreuses initiatives, avec des r\u00e9sultats peu encourageants : L\u2019extr\u00e9misme violent dans le pays a augment\u00e9 et cela a consid\u00e9rablement sap\u00e9 les efforts d\u00e9ploy\u00e9s pour lutter contre la crise climatique, l&rsquo;ins\u00e9curit\u00e9 alimentaire, les besoins sociaux de base des populations et la pauvret\u00e9 extr\u00eame.<\/p><p>La mauvaise gouvernance &#8211; ainsi que l&rsquo;ali\u00e9nation et l&rsquo;amertume qu&rsquo;elle suscite &#8211; est un facteur majeur d&rsquo;extr\u00e9misme violent. Lorsque les citoyens sont marginalis\u00e9s, que les services publics sont limit\u00e9s et que la corruption est end\u00e9mique, l&rsquo;extr\u00e9misme peut facilement prendre racine. Mais trop souvent, les strat\u00e9gies antiterroristes soutiennent des forces militaires qui s&rsquo;attaquent \u00e0 leurs propres citoyens et exacerbent les griefs qui ont conduit \u00e0 la violence extr\u00e9miste au d\u00e9part. C&rsquo;est pr\u00e9cis\u00e9ment cette \u00ab\u00a0pr\u00e9dation de certains acteurs de l&rsquo;\u00c9tat\u00a0\u00bb et l&rsquo;ins\u00e9curit\u00e9 qu&rsquo;elle engendre qui permettent aux \u00ab\u00a0groupes arm\u00e9s et autres djihadistes de s&rsquo;engager aupr\u00e8s de \u00ab\u00a0citoyens d\u00e9sesp\u00e9r\u00e9s\u00a0\u00bb &#8211; et de prosp\u00e9rer.<\/p><p>Face \u00e0 ces \u00e9checs, il est clair qu&rsquo;il est temps d&rsquo;adopter une nouvelle strat\u00e9gie &#8211; une strat\u00e9gie ax\u00e9e sur les bonnes pratiques, et non sur les armes.<\/p><p>Assurer une bonne gouvernance et une d\u00e9mocratie solide, inclusive et participative signifie instaurer la confiance entre l&rsquo;\u00c9tat et les communaut\u00e9s particuli\u00e8rement marginalis\u00e9es, donner la priorit\u00e9 \u00e0 la responsabilit\u00e9 de l&rsquo;\u00c9tat, lutter contre la corruption et garantir la justice sociale et particuli\u00e8rement dans le secteur de la s\u00e9curit\u00e9. Lorsque les citoyens ont le sentiment que les r\u00e8gles du jeu ne leur sont pas d\u00e9favorables, que tout le monde a les m\u00eames chances et est trait\u00e9 de la m\u00eame mani\u00e8re par la loi, ils sont moins susceptibles de voir le gouvernement d&rsquo;un mauvais \u0153il et de se tourner vers les groupes armes peu importe leur vision\/mission pour tenter de changer le statu quo<\/p>\t\t\t\t\t\t\t\t<\/div>\n\t\t\t\t<\/div>\n\t\t\t\t\t<\/div>\n\t\t<\/div>\n\t\t\t\t\t<\/div>\n\t\t<\/section>\n\t\t\t\t<section class=\"elementor-section elementor-top-section elementor-element elementor-element-2104f51 elementor-section-boxed elementor-section-height-default elementor-section-height-default\" data-id=\"2104f51\" data-element_type=\"section\">\n\t\t\t\t\t\t<div class=\"elementor-container elementor-column-gap-default\">\n\t\t\t\t\t<div class=\"elementor-column elementor-col-100 elementor-top-column elementor-element elementor-element-4c5c29f\" data-id=\"4c5c29f\" data-element_type=\"column\">\n\t\t\t<div class=\"elementor-widget-wrap elementor-element-populated\">\n\t\t\t\t\t\t<div class=\"elementor-element elementor-element-ae635b2 elementor-widget elementor-widget-heading\" data-id=\"ae635b2\" data-element_type=\"widget\" data-widget_type=\"heading.default\">\n\t\t\t\t<div class=\"elementor-widget-container\">\n\t\t\t\t\t<h2 class=\"elementor-heading-title elementor-size-default\">Notre Mission :<\/h2>\t\t\t\t<\/div>\n\t\t\t\t<\/div>\n\t\t\t\t<div class=\"elementor-element elementor-element-2826615 elementor-widget elementor-widget-text-editor\" data-id=\"2826615\" data-element_type=\"widget\" data-widget_type=\"text-editor.default\">\n\t\t\t\t<div class=\"elementor-widget-container\">\n\t\t\t\t\t\t\t\t\t<p>Construire la paix, le vivre ensemble afin d\u2019asseoir, de consolider la d\u00e9mocratie et de promouvoir les bonnes pratiques mis en mal par des ann\u00e9es de conflit, \u00e0 travers le dialogue et le contact direct avec les acteurs sur le terrain, voil\u00e0 la mission que s\u2019est assign\u00e9e Sahel Institute pour la d\u00e9mocratie et la gouvernance<\/p><p>En effet, Sahel Institute pour la d\u00e9mocratie et la gouvernance est une organisation \u00e0 but non-lucratif qui travaille aux c\u00f4t\u00e9s de la communaut\u00e9 des chercheurs, des universitaires et construit une dynamique de citoyens actifs, de leaders communautaires engag\u00e9s \u00e0 travers le pays pour une gestion concert\u00e9e des affaires publiques.<\/p><p>Nous catalysons les initiatives sociopolitiques et culturelles pour la promotion et la consolidation de la paix, le vivre ensemble et des bonnes pratiques. Nous renfor\u00e7ons les capacit\u00e9s des jeunes artisans du changement afin de d\u00e9velopper des id\u00e9es neuves et cr\u00e9atives pour la stabilisation, la coh\u00e9sion sociale, condition sine-qua-non pour une d\u00e9mocratie solide, active et participative.<\/p><p>Nous le faisons \u00e0 travers des \u00e9tudes th\u00e9matiques cibl\u00e9es, des recherches sur le terrain \u00e0 travers notre communaut\u00e9 de chercheurs exp\u00e9riment\u00e9s mais aussi la mise en \u0153uvre des projets cr\u00e9atifs et innovants.<\/p>\t\t\t\t\t\t\t\t<\/div>\n\t\t\t\t<\/div>\n\t\t\t\t\t<\/div>\n\t\t<\/div>\n\t\t\t\t\t<\/div>\n\t\t<\/section>\n\t\t\t\t<section class=\"elementor-section elementor-top-section elementor-element elementor-element-0529982 elementor-section-boxed elementor-section-height-default elementor-section-height-default\" data-id=\"0529982\" data-element_type=\"section\">\n\t\t\t\t\t\t<div class=\"elementor-container elementor-column-gap-default\">\n\t\t\t\t\t<div class=\"elementor-column elementor-col-100 elementor-top-column elementor-element elementor-element-0d2ca62\" data-id=\"0d2ca62\" data-element_type=\"column\">\n\t\t\t<div class=\"elementor-widget-wrap elementor-element-populated\">\n\t\t\t\t\t\t<div class=\"elementor-element elementor-element-7523d12 elementor-widget elementor-widget-heading\" data-id=\"7523d12\" data-element_type=\"widget\" data-widget_type=\"heading.default\">\n\t\t\t\t<div class=\"elementor-widget-container\">\n\t\t\t\t\t<h2 class=\"elementor-heading-title elementor-size-default\">Nos projets<\/h2>\t\t\t\t<\/div>\n\t\t\t\t<\/div>\n\t\t\t\t\t<\/div>\n\t\t<\/div>\n\t\t\t\t\t<\/div>\n\t\t<\/section>\n\t\t\t\t<section class=\"elementor-section elementor-top-section elementor-element elementor-element-b706a73 elementor-section-boxed elementor-section-height-default elementor-section-height-default\" data-id=\"b706a73\" data-element_type=\"section\">\n\t\t\t\t\t\t<div class=\"elementor-container elementor-column-gap-default\">\n\t\t\t\t\t<div class=\"elementor-column elementor-col-50 elementor-top-column elementor-element elementor-element-143b9a6\" data-id=\"143b9a6\" data-element_type=\"column\">\n\t\t\t<div class=\"elementor-widget-wrap elementor-element-populated\">\n\t\t\t\t\t\t<div class=\"elementor-element elementor-element-3e1bf0c elementor-widget elementor-widget-heading\" data-id=\"3e1bf0c\" data-element_type=\"widget\" data-widget_type=\"heading.default\">\n\t\t\t\t<div class=\"elementor-widget-container\">\n\t\t\t\t\t<h2 class=\"elementor-heading-title elementor-size-default\">SahelUp: Positive Network for Change<\/h2>\t\t\t\t<\/div>\n\t\t\t\t<\/div>\n\t\t\t\t<div class=\"elementor-element elementor-element-5fb7a32 e-transform e-transform elementor-widget elementor-widget-image\" data-id=\"5fb7a32\" data-element_type=\"widget\" data-settings=\"{&quot;_transform_translateX_effect&quot;:{&quot;unit&quot;:&quot;px&quot;,&quot;size&quot;:-34,&quot;sizes&quot;:[]},&quot;_transform_translateY_effect&quot;:{&quot;unit&quot;:&quot;px&quot;,&quot;size&quot;:-34,&quot;sizes&quot;:[]},&quot;_transform_scale_effect&quot;:{&quot;unit&quot;:&quot;px&quot;,&quot;size&quot;:0.59999999999999998,&quot;sizes&quot;:[]},&quot;_transform_translateX_effect_tablet&quot;:{&quot;unit&quot;:&quot;px&quot;,&quot;size&quot;:&quot;&quot;,&quot;sizes&quot;:[]},&quot;_transform_translateX_effect_mobile&quot;:{&quot;unit&quot;:&quot;px&quot;,&quot;size&quot;:&quot;&quot;,&quot;sizes&quot;:[]},&quot;_transform_translateY_effect_tablet&quot;:{&quot;unit&quot;:&quot;px&quot;,&quot;size&quot;:&quot;&quot;,&quot;sizes&quot;:[]},&quot;_transform_translateY_effect_mobile&quot;:{&quot;unit&quot;:&quot;px&quot;,&quot;size&quot;:&quot;&quot;,&quot;sizes&quot;:[]},&quot;_transform_scale_effect_tablet&quot;:{&quot;unit&quot;:&quot;px&quot;,&quot;size&quot;:&quot;&quot;,&quot;sizes&quot;:[]},&quot;_transform_scale_effect_mobile&quot;:{&quot;unit&quot;:&quot;px&quot;,&quot;size&quot;:&quot;&quot;,&quot;sizes&quot;:[]}}\" data-widget_type=\"image.default\">\n\t\t\t\t<div class=\"elementor-widget-container\">\n\t\t\t\t\t\t\t\t\t\t\t\t\t\t\t<img decoding=\"async\" width=\"525\" height=\"525\" src=\"https:\/\/sahelinstitute.org\/wp-content\/uploads\/2023\/01\/Logo-Sahelup-02-1024x1024.png\" class=\"attachment-large size-large wp-image-297\" alt=\"\" srcset=\"https:\/\/sahelinstitute.org\/wp-content\/uploads\/2023\/01\/Logo-Sahelup-02-1024x1024.png 1024w, https:\/\/sahelinstitute.org\/wp-content\/uploads\/2023\/01\/Logo-Sahelup-02-scaled-250x250.png 250w, https:\/\/sahelinstitute.org\/wp-content\/uploads\/2023\/01\/Logo-Sahelup-02-100x100.png 100w, https:\/\/sahelinstitute.org\/wp-content\/uploads\/2023\/01\/Logo-Sahelup-02-scaled-350x350.png 350w, https:\/\/sahelinstitute.org\/wp-content\/uploads\/2023\/01\/Logo-Sahelup-02-300x300.png 300w, https:\/\/sahelinstitute.org\/wp-content\/uploads\/2023\/01\/Logo-Sahelup-02-150x150.png 150w, https:\/\/sahelinstitute.org\/wp-content\/uploads\/2023\/01\/Logo-Sahelup-02-768x768.png 768w, https:\/\/sahelinstitute.org\/wp-content\/uploads\/2023\/01\/Logo-Sahelup-02-1536x1536.png 1536w, https:\/\/sahelinstitute.org\/wp-content\/uploads\/2023\/01\/Logo-Sahelup-02-2048x2048.png 2048w\" sizes=\"100vw\" \/>\t\t\t\t\t\t\t\t\t\t\t\t\t\t\t<\/div>\n\t\t\t\t<\/div>\n\t\t\t\t\t<\/div>\n\t\t<\/div>\n\t\t\t\t<div class=\"elementor-column elementor-col-50 elementor-top-column elementor-element elementor-element-42d5aed\" data-id=\"42d5aed\" data-element_type=\"column\">\n\t\t\t<div class=\"elementor-widget-wrap elementor-element-populated\">\n\t\t\t\t\t\t<div class=\"elementor-element elementor-element-02da431 elementor-widget elementor-widget-spacer\" data-id=\"02da431\" data-element_type=\"widget\" data-widget_type=\"spacer.default\">\n\t\t\t\t<div class=\"elementor-widget-container\">\n\t\t\t\t\t\t\t<div class=\"elementor-spacer\">\n\t\t\t<div class=\"elementor-spacer-inner\"><\/div>\n\t\t<\/div>\n\t\t\t\t\t\t<\/div>\n\t\t\t\t<\/div>\n\t\t\t\t<div class=\"elementor-element elementor-element-6fb14d3 elementor-widget elementor-widget-text-editor\" data-id=\"6fb14d3\" data-element_type=\"widget\" data-widget_type=\"text-editor.default\">\n\t\t\t\t<div class=\"elementor-widget-container\">\n\t\t\t\t\t\t\t\t\t<p>Une\u00a0\u00a0initiative de Sahel\u00a0Institute pour le partage des bonnes nouvelles, c\u00e9l\u00e9brer la r\u00e9ussite\/positive comme marque de leadership, d&rsquo;innovation et de prise de risque en repoussant les limites de ce qui est possible pour faire passer les id\u00e9es et inspirer les autres. \u00ab Tout comme le courage est contagieux \u00bb, la r\u00e9ussite et les bonnes nouvelles le sont aussi si elles sont pos\u00e9es dans le sens de motiver et d\u2019inspirer. Il est tr\u00e8s facile de se morfondre sur nos \u00e9checs particuli\u00e8rement dans un contexte du Sahel ou les bonnes nouvelles sont rares et souvent ignor\u00e9es. Nous passons le plus clair de notre temps \u00e0 examiner nos erreurs et \u00e0 tirer des le\u00e7ons des \u00e9checs. Il faut aller au-del\u00e0 de la facilit\u00e9 et de la simplicit\u00e9 pour admirer et partager les bonnes nouvelles et montrer que c&rsquo;est\u00a0possible et que tout n&rsquo;est pas perdu.\u00a0<\/p>\t\t\t\t\t\t\t\t<\/div>\n\t\t\t\t<\/div>\n\t\t\t\t\t<\/div>\n\t\t<\/div>\n\t\t\t\t\t<\/div>\n\t\t<\/section>\n\t\t\t\t<section class=\"elementor-section elementor-top-section elementor-element elementor-element-ae97bd1 elementor-section-boxed elementor-section-height-default elementor-section-height-default\" data-id=\"ae97bd1\" data-element_type=\"section\">\n\t\t\t\t\t\t<div class=\"elementor-container elementor-column-gap-default\">\n\t\t\t\t\t<div class=\"elementor-column elementor-col-50 elementor-top-column elementor-element elementor-element-0d0e1c4\" data-id=\"0d0e1c4\" data-element_type=\"column\">\n\t\t\t<div class=\"elementor-widget-wrap elementor-element-populated\">\n\t\t\t\t\t\t<div class=\"elementor-element elementor-element-51db5b3 elementor-widget elementor-widget-heading\" data-id=\"51db5b3\" data-element_type=\"widget\" data-widget_type=\"heading.default\">\n\t\t\t\t<div class=\"elementor-widget-container\">\n\t\t\t\t\t<h2 class=\"elementor-heading-title elementor-size-default\">Sahel Unheard Voices<\/h2>\t\t\t\t<\/div>\n\t\t\t\t<\/div>\n\t\t\t\t<div class=\"elementor-element elementor-element-d71b8d6 elementor-widget elementor-widget-text-editor\" data-id=\"d71b8d6\" data-element_type=\"widget\" data-widget_type=\"text-editor.default\">\n\t\t\t\t<div class=\"elementor-widget-container\">\n\t\t\t\t\t\t\t\t\t<p>Ce projet a pour objectif principal de donner la parole aux victimes\u00a0 de la crise multidimensionnelle que nous traversons depuis plusieurs ann\u00e9es au Mali et dans le reste du Sahel.<\/p><p>Nous sommes convaincus qu&rsquo;aucune initiative visant \u00e0 instaurer le vivre ensemble, apporter la stabilit\u00e9 et amorcer un d\u00e9veloppement\u00a0 durable ne saurait prosp\u00e9rer sans une inclusion\u00a0 r\u00e9elle de toutes les parties prenantes et peu importe o\u00f9 elles vivent. Vous pouvez regarder <a href=\"https:\/\/www.youtube.com\/watch?v=B-pax_m78MY\">l&rsquo;histoire de Ada Coulibaly ici,<\/a> d\u00e9plac\u00e9e interne de la r\u00e9gion de Mopti dont le village a \u00e9t\u00e9 attaqu\u00e9\u00a0 par les groupes arm\u00e9s veut juste rentrer \u00e0 la maison et reprendre le cours de sa vie.\u00a0<\/p><p><a href=\"https:\/\/www.youtube.com\/watch?v=p4XUvUP4lh0\">L&rsquo;histoire de Sekou <\/a><a href=\"https:\/\/www.youtube.com\/watch?v=p4XUvUP4lh0\">Traor\u00e9 ici<\/a>, d\u00e9plac\u00e9 interne du village de Diallassagou dont le village a \u00e9t\u00e9 plusieurs fois attaqu\u00e9 et br\u00fbl\u00e9\u00a0et aujourd&rsquo;hui\u00a0qui veut juste rentrer \u00e0 la maison et reprendre le cours de sa vie mise entre parenth\u00e8ses depuis des ann\u00e9es. Et <a href=\"https:\/\/www.youtube.com\/watch?v=_Yp-RS1LG2s&amp;t=2s\">l&rsquo;histoire\u00a0<\/a><a href=\"https:\/\/www.youtube.com\/watch?v=_Yp-RS1LG2s&amp;t=2s\">de Bocar Aliou Barry ici<\/a><a href=\"https:\/\/www.youtube.com\/watch?v=_Yp-RS1LG2s&amp;t=2s\">,<\/a> d\u00e9plac\u00e9 interne de la r\u00e9gion de Kora dont le village a \u00e9t\u00e9 attaqu\u00e9\u00a0par les groupes arm\u00e9s, veut juste rentrer \u00e0 la maison et reprendre le cours de sa vie avec les siens. Plus de 4 ans de souffrance et de d\u00e9sespoir, il a trouv\u00e9 refuge au Camp des d\u00e9plac\u00e9s de Senou, p\u00e9riph\u00e9rie de Bamako ou pr\u00e8s de 2000 personnes vivent.<\/p>\t\t\t\t\t\t\t\t<\/div>\n\t\t\t\t<\/div>\n\t\t\t\t\t<\/div>\n\t\t<\/div>\n\t\t\t\t<div class=\"elementor-column elementor-col-50 elementor-top-column elementor-element elementor-element-03af05e\" data-id=\"03af05e\" data-element_type=\"column\">\n\t\t\t<div class=\"elementor-widget-wrap elementor-element-populated\">\n\t\t\t\t\t\t<div class=\"elementor-element elementor-element-b444577 elementor-widget elementor-widget-spacer\" data-id=\"b444577\" data-element_type=\"widget\" data-widget_type=\"spacer.default\">\n\t\t\t\t<div class=\"elementor-widget-container\">\n\t\t\t\t\t\t\t<div class=\"elementor-spacer\">\n\t\t\t<div class=\"elementor-spacer-inner\"><\/div>\n\t\t<\/div>\n\t\t\t\t\t\t<\/div>\n\t\t\t\t<\/div>\n\t\t\t\t<div class=\"elementor-element elementor-element-2e3f7a0 e-transform elementor-widget elementor-widget-image\" data-id=\"2e3f7a0\" data-element_type=\"widget\" data-settings=\"{&quot;_transform_translateY_effect&quot;:{&quot;unit&quot;:&quot;px&quot;,&quot;size&quot;:-42,&quot;sizes&quot;:[]},&quot;_transform_translateX_effect&quot;:{&quot;unit&quot;:&quot;px&quot;,&quot;size&quot;:&quot;&quot;,&quot;sizes&quot;:[]},&quot;_transform_translateX_effect_tablet&quot;:{&quot;unit&quot;:&quot;px&quot;,&quot;size&quot;:&quot;&quot;,&quot;sizes&quot;:[]},&quot;_transform_translateX_effect_mobile&quot;:{&quot;unit&quot;:&quot;px&quot;,&quot;size&quot;:&quot;&quot;,&quot;sizes&quot;:[]},&quot;_transform_translateY_effect_tablet&quot;:{&quot;unit&quot;:&quot;px&quot;,&quot;size&quot;:&quot;&quot;,&quot;sizes&quot;:[]},&quot;_transform_translateY_effect_mobile&quot;:{&quot;unit&quot;:&quot;px&quot;,&quot;size&quot;:&quot;&quot;,&quot;sizes&quot;:[]}}\" data-widget_type=\"image.default\">\n\t\t\t\t<div class=\"elementor-widget-container\">\n\t\t\t\t\t\t\t\t\t\t\t\t\t\t\t<img decoding=\"async\" width=\"525\" height=\"374\" src=\"https:\/\/sahelinstitute.org\/wp-content\/uploads\/2023\/01\/LOGO-Unheard-Voices-02-1024x730.jpg\" class=\"attachment-large size-large wp-image-427\" alt=\"\" srcset=\"https:\/\/sahelinstitute.org\/wp-content\/uploads\/2023\/01\/LOGO-Unheard-Voices-02-1024x730.jpg 1024w, https:\/\/sahelinstitute.org\/wp-content\/uploads\/2023\/01\/LOGO-Unheard-Voices-02-scaled-350x249.jpg 350w, https:\/\/sahelinstitute.org\/wp-content\/uploads\/2023\/01\/LOGO-Unheard-Voices-02-300x214.jpg 300w, https:\/\/sahelinstitute.org\/wp-content\/uploads\/2023\/01\/LOGO-Unheard-Voices-02-768x547.jpg 768w, https:\/\/sahelinstitute.org\/wp-content\/uploads\/2023\/01\/LOGO-Unheard-Voices-02-1536x1094.jpg 1536w, https:\/\/sahelinstitute.org\/wp-content\/uploads\/2023\/01\/LOGO-Unheard-Voices-02-2048x1459.jpg 2048w\" sizes=\"100vw\" \/>\t\t\t\t\t\t\t\t\t\t\t\t\t\t\t<\/div>\n\t\t\t\t<\/div>\n\t\t\t\t\t<\/div>\n\t\t<\/div>\n\t\t\t\t\t<\/div>\n\t\t<\/section>\n\t\t\t\t<section class=\"elementor-section elementor-top-section elementor-element elementor-element-50624b3 elementor-section-full_width elementor-section-stretched elementor-section-height-default elementor-section-height-default\" data-id=\"50624b3\" data-element_type=\"section\" data-settings=\"{&quot;stretch_section&quot;:&quot;section-stretched&quot;}\">\n\t\t\t\t\t\t<div class=\"elementor-container elementor-column-gap-no\">\n\t\t\t\t\t<div class=\"elementor-column elementor-col-100 elementor-top-column elementor-element elementor-element-1bb2f9f0\" data-id=\"1bb2f9f0\" data-element_type=\"column\">\n\t\t\t<div class=\"elementor-widget-wrap elementor-element-populated\">\n\t\t\t\t\t\t<div class=\"elementor-element elementor-element-2043da8e elementor-widget elementor-widget-heading\" data-id=\"2043da8e\" data-element_type=\"widget\" data-widget_type=\"heading.default\">\n\t\t\t\t<div class=\"elementor-widget-container\">\n\t\t\t\t\t<h2 class=\"elementor-heading-title elementor-size-default\">Approuv\u00e9 par<\/h2>\t\t\t\t<\/div>\n\t\t\t\t<\/div>\n\t\t\t\t<div class=\"elementor-element elementor-element-7b959291 elementor-widget elementor-widget-text-editor\" data-id=\"7b959291\" data-element_type=\"widget\" data-widget_type=\"text-editor.default\">\n\t\t\t\t<div class=\"elementor-widget-container\">\n\t\t\t\t\t\t\t\t\t<p>This is a place to showcase the logos of some of your clients<\/p>\t\t\t\t\t\t\t\t<\/div>\n\t\t\t\t<\/div>\n\t\t\t\t<div class=\"elementor-element elementor-element-5de3b133 elementor-widget elementor-widget-image-carousel\" data-id=\"5de3b133\" data-element_type=\"widget\" data-settings=\"{&quot;slides_to_show&quot;:&quot;6&quot;,&quot;slides_to_show_tablet&quot;:&quot;4&quot;,&quot;navigation&quot;:&quot;none&quot;,&quot;pause_on_hover&quot;:&quot;no&quot;,&quot;pause_on_interaction&quot;:&quot;no&quot;,&quot;image_spacing_custom&quot;:{&quot;unit&quot;:&quot;px&quot;,&quot;size&quot;:&quot;55&quot;,&quot;sizes&quot;:[]},&quot;slides_to_scroll_tablet&quot;:&quot;1&quot;,&quot;slides_to_show_mobile&quot;:&quot;2&quot;,&quot;autoplay&quot;:&quot;yes&quot;,&quot;autoplay_speed&quot;:5000,&quot;infinite&quot;:&quot;yes&quot;,&quot;speed&quot;:500,&quot;image_spacing_custom_tablet&quot;:{&quot;unit&quot;:&quot;px&quot;,&quot;size&quot;:&quot;&quot;,&quot;sizes&quot;:[]},&quot;image_spacing_custom_mobile&quot;:{&quot;unit&quot;:&quot;px&quot;,&quot;size&quot;:&quot;&quot;,&quot;sizes&quot;:[]}}\" data-widget_type=\"image-carousel.default\">\n\t\t\t\t<div class=\"elementor-widget-container\">\n\t\t\t\t\t\t\t<div class=\"elementor-image-carousel-wrapper swiper\" role=\"region\" aria-roledescription=\"carousel\" aria-label=\"Carrousel d\u2019images\" dir=\"ltr\">\n\t\t\t<div class=\"elementor-image-carousel swiper-wrapper\" aria-live=\"off\">\n\t\t\t\t\t\t\t\t<div class=\"swiper-slide\" role=\"group\" aria-roledescription=\"slide\" aria-label=\"1 sur 3\"><figure class=\"swiper-slide-inner\"><img decoding=\"async\" class=\"swiper-slide-image\" src=\"https:\/\/sahelinstitute.org\/wp-content\/uploads\/2023\/01\/SAHEL-PNG-1.png\" alt=\"SAHEL-PNG\" \/><\/figure><\/div><div class=\"swiper-slide\" role=\"group\" aria-roledescription=\"slide\" aria-label=\"2 sur 3\"><figure class=\"swiper-slide-inner\"><img decoding=\"async\" class=\"swiper-slide-image\" src=\"https:\/\/sahelinstitute.org\/wp-content\/uploads\/2023\/01\/LOGO-Unheard-Voices-02-scaled.jpg\" alt=\"LOGO Unheard Voices-02\" \/><\/figure><\/div><div class=\"swiper-slide\" role=\"group\" aria-roledescription=\"slide\" aria-label=\"3 sur 3\"><figure class=\"swiper-slide-inner\"><img decoding=\"async\" class=\"swiper-slide-image\" src=\"https:\/\/sahelinstitute.org\/wp-content\/uploads\/2023\/01\/Logo-Sahelup-02-scaled.png\" alt=\"Logo Sahelup-02\" \/><\/figure><\/div>\t\t\t<\/div>\n\t\t\t\t\t\t\t\n\t\t\t\t\t\t\t\t\t<\/div>\n\t\t\t\t\t\t<\/div>\n\t\t\t\t<\/div>\n\t\t\t\t\t<\/div>\n\t\t<\/div>\n\t\t\t\t\t<\/div>\n\t\t<\/section>\n\t\t\t\t<section class=\"elementor-section elementor-top-section elementor-element elementor-element-4ac6bbe3 elementor-section-content-middle elementor-section-height-min-height elementor-section-stretched elementor-section-boxed elementor-section-height-default elementor-section-items-middle\" data-id=\"4ac6bbe3\" data-element_type=\"section\" data-settings=\"{&quot;background_background&quot;:&quot;classic&quot;,&quot;stretch_section&quot;:&quot;section-stretched&quot;}\">\n\t\t\t\t\t\t<div class=\"elementor-container elementor-column-gap-no\">\n\t\t\t\t\t<div class=\"elementor-column elementor-col-100 elementor-top-column elementor-element elementor-element-63773bee\" data-id=\"63773bee\" data-element_type=\"column\">\n\t\t\t<div class=\"elementor-widget-wrap elementor-element-populated\">\n\t\t\t\t\t\t<div class=\"elementor-element elementor-element-6b7d073a elementor-align-left elementor-mobile-align-center elementor-invisible elementor-widget elementor-widget-button\" data-id=\"6b7d073a\" data-element_type=\"widget\" data-settings=\"{&quot;_animation&quot;:&quot;fadeInDown&quot;}\" data-widget_type=\"button.default\">\n\t\t\t\t<div class=\"elementor-widget-container\">\n\t\t\t\t\t\t\t\t\t<div class=\"elementor-button-wrapper\">\n\t\t\t\t\t<a class=\"elementor-button elementor-button-link elementor-size-sm\" href=\"https:\/\/sahelinstitute.org\/nous-contacter\/\">\n\t\t\t\t\t\t<span class=\"elementor-button-content-wrapper\">\n\t\t\t\t\t\t\t\t\t<span class=\"elementor-button-text\">Contactez nous<\/span>\n\t\t\t\t\t<\/span>\n\t\t\t\t\t<\/a>\n\t\t\t\t<\/div>\n\t\t\t\t\t\t\t\t<\/div>\n\t\t\t\t<\/div>\n\t\t\t\t\t<\/div>\n\t\t<\/div>\n\t\t\t\t\t<\/div>\n\t\t<\/section>\n\t\t\t\t<section class=\"elementor-section elementor-top-section elementor-element elementor-element-5b680c7c elementor-section-height-min-height elementor-section-content-middle elementor-section-full_width elementor-section-stretched elementor-section-height-default elementor-section-items-middle\" data-id=\"5b680c7c\" data-element_type=\"section\" data-settings=\"{&quot;background_background&quot;:&quot;classic&quot;,&quot;stretch_section&quot;:&quot;section-stretched&quot;}\">\n\t\t\t\t\t\t<div class=\"elementor-container elementor-column-gap-no\">\n\t\t\t\t\t<div class=\"elementor-column elementor-col-100 elementor-top-column elementor-element elementor-element-7c38b747\" data-id=\"7c38b747\" data-element_type=\"column\">\n\t\t\t<div class=\"elementor-widget-wrap elementor-element-populated\">\n\t\t\t\t\t\t<div class=\"elementor-element elementor-element-3f95aa1e elementor-widget elementor-widget-heading\" data-id=\"3f95aa1e\" data-element_type=\"widget\" data-widget_type=\"heading.default\">\n\t\t\t\t<div class=\"elementor-widget-container\">\n\t\t\t\t\t<p class=\"elementor-heading-title elementor-size-default\">\u00a9 Tous droits r\u00e9serv\u00e9s.<\/p>\t\t\t\t<\/div>\n\t\t\t\t<\/div>\n\t\t\t\t\t<\/div>\n\t\t<\/div>\n\t\t\t\t\t<\/div>\n\t\t<\/section>\n\t\t\t\t<\/div>\n\t\t","protected":false},"excerpt":{"rendered":"<p>A Propos Cela fait 10 ans depuis le d\u00e9but de cette nouvelle phase d\u2019ins\u00e9curit\u00e9 Socio-politique dans notre pays et dans le Sahel avec l\u2019attaque d\u2019Aguelhok o\u00f9 nous avons perdu plus 150 militaires en Janvier 2012. De cette date \u00e0 aujourd\u2019hui, en lieu et place de circonscrire le conflit, la violence, la peur et l\u2019exode des &hellip; <\/p>\n<p class=\"link-more\"><a href=\"https:\/\/sahelinstitute.org\/?page_id=150\" class=\"more-link\">Continuer la lecture<span class=\"screen-reader-text\"> de &laquo;&nbsp;A propos&nbsp;&raquo;<\/span><\/a><\/p>\n","protected":false},"author":1,"featured_media":0,"parent":0,"menu_order":0,"comment_status":"closed","ping_status":"closed","template":"elementor_header_footer","meta":{"_monsterinsights_skip_tracking":false,"_monsterinsights_sitenote_active":false,"_monsterinsights_sitenote_note":"","_monsterinsights_sitenote_category":0,"footnotes":""},"class_list":["post-150","page","type-page","status-publish","hentry"],"_links":{"self":[{"href":"https:\/\/sahelinstitute.org\/index.php?rest_route=\/wp\/v2\/pages\/150","targetHints":{"allow":["GET"]}}],"collection":[{"href":"https:\/\/sahelinstitute.org\/index.php?rest_route=\/wp\/v2\/pages"}],"about":[{"href":"https:\/\/sahelinstitute.org\/index.php?rest_route=\/wp\/v2\/types\/page"}],"author":[{"embeddable":true,"href":"https:\/\/sahelinstitute.org\/index.php?rest_route=\/wp\/v2\/users\/1"}],"replies":[{"embeddable":true,"href":"https:\/\/sahelinstitute.org\/index.php?rest_route=%2Fwp%2Fv2%2Fcomments&post=150"}],"version-history":[{"count":52,"href":"https:\/\/sahelinstitute.org\/index.php?rest_route=\/wp\/v2\/pages\/150\/revisions"}],"predecessor-version":[{"id":675,"href":"https:\/\/sahelinstitute.org\/index.php?rest_route=\/wp\/v2\/pages\/150\/revisions\/675"}],"wp:attachment":[{"href":"https:\/\/sahelinstitute.org\/index.php?rest_route=%2Fwp%2Fv2%2Fmedia&parent=150"}],"curies":[{"name":"wp","href":"https:\/\/api.w.org\/{rel}","templated":true}]}}